{"id":12061,"date":"2024-09-07T09:51:43","date_gmt":"2024-09-07T09:51:43","guid":{"rendered":"https:\/\/www.fastfilmproduzioni.it\/app\/?page_id=12061"},"modified":"2025-03-13T11:42:14","modified_gmt":"2025-03-13T11:42:14","slug":"per-elisa-il-caso-claps","status":"publish","type":"page","link":"https:\/\/www.fastfilmproduzioni.it\/app\/produzioni\/per-elisa-il-caso-claps\/","title":{"rendered":"Per Elisa \u2013 Il caso Claps"},"content":{"rendered":"\t\t<div data-elementor-type=\"wp-page\" data-elementor-id=\"12061\" class=\"elementor elementor-12061\" data-elementor-post-type=\"page\">\n\t\t\t\t<div class=\"elementor-element elementor-element-19df90b e-con-full e-flex e-con e-parent\" data-id=\"19df90b\" data-element_type=\"container\" data-e-type=\"container\">\n\t\t\t\t<div class=\"elementor-element elementor-element-4ff7f82 elementor-widget elementor-widget-video\" data-id=\"4ff7f82\" data-element_type=\"widget\" data-e-type=\"widget\" data-settings=\"{&quot;video_type&quot;:&quot;hosted&quot;,&quot;autoplay&quot;:&quot;yes&quot;,&quot;controls&quot;:&quot;yes&quot;}\" data-widget_type=\"video.default\">\n\t\t\t\t<div class=\"elementor-widget-container\">\n\t\t\t\t\t\t\t<div class=\"e-hosted-video elementor-wrapper elementor-open-inline\">\n\t\t\t\t\t<video class=\"elementor-video\" src=\"https:\/\/www.fastfilmproduzioni.it\/trailer_video\/ICC_TRAILER_h264_Ottobre 23_1.mp4\" autoplay=\"\" controls=\"\" controlsList=\"nodownload\"><\/video>\n\t\t\t\t<\/div>\n\t\t\t\t\t\t<\/div>\n\t\t\t\t<\/div>\n\t\t\t\t<\/div>\n\t\t<div class=\"elementor-element elementor-element-5cab9a3d e-flex e-con-boxed e-con e-parent\" data-id=\"5cab9a3d\" data-element_type=\"container\" data-e-type=\"container\">\n\t\t\t\t\t<div class=\"e-con-inner\">\n\t\t\t\t<div class=\"elementor-element elementor-element-5dea373 elementor-widget elementor-widget-heading\" data-id=\"5dea373\" data-element_type=\"widget\" data-e-type=\"widget\" data-widget_type=\"heading.default\">\n\t\t\t\t<div class=\"elementor-widget-container\">\n\t\t\t\t\t<h2 class=\"elementor-heading-title elementor-size-default\">Basato sul libro Blood on the altar di Tobias Jones. <br><br>Scritto da Terry Cafolla, Valerio D\u2019Annunzio e Andrea Valagussa.<br><br>Con Gianmarco Saurino, Anna Ferruzzo, Vincent Riotta, Giacomo Giorgio, Vincenzo Ferrera, Giulio Della Monica, Bianca Nappi, Ludovica Ciaschetti, Marta Giovannozzi,  Antonio Petrocelli, Carlo de Ruggieri, Beniamino Marcone, Fulvio Pepe e con la partecipazione di Rosa Diletta Rossi e Francesco Acquaroli.<br><br>Regia di Marco Pontecorvo&nbsp;<br><br>Una co-produzione Fastfilm e Cosmopolitan Pictures,\u2028in collaborazione con Rai Fiction e ITV,\u2028prodotta da Maurizio Tini e Ben Donald,\u2028una distribuzione internazionale ITV Studios Global Distribution&nbsp;<br><br>Serie 6x50' \u2013 Real Crime&nbsp;<\/h2>\t\t\t\t<\/div>\n\t\t\t\t<\/div>\n\t\t\t\t\t<\/div>\n\t\t\t\t<\/div>\n\t\t<div class=\"elementor-element elementor-element-32c6a7d e-flex e-con-boxed e-con e-parent\" data-id=\"32c6a7d\" data-element_type=\"container\" data-e-type=\"container\">\n\t\t\t\t\t<div class=\"e-con-inner\">\n\t\t\t\t<div class=\"elementor-element elementor-element-a1bf992 elementor-widget-divider--view-line elementor-widget elementor-widget-divider\" data-id=\"a1bf992\" data-element_type=\"widget\" data-e-type=\"widget\" data-widget_type=\"divider.default\">\n\t\t\t\t<div class=\"elementor-widget-container\">\n\t\t\t\t\t\t\t<div class=\"elementor-divider\">\n\t\t\t<span class=\"elementor-divider-separator\">\n\t\t\t\t\t\t<\/span>\n\t\t<\/div>\n\t\t\t\t\t\t<\/div>\n\t\t\t\t<\/div>\n\t\t\t\t\t<\/div>\n\t\t\t\t<\/div>\n\t\t<div class=\"elementor-element elementor-element-5a4dbfa e-flex e-con-boxed e-con e-parent\" data-id=\"5a4dbfa\" data-element_type=\"container\" data-e-type=\"container\">\n\t\t\t\t\t<div class=\"e-con-inner\">\n\t\t\t\t<div class=\"elementor-element elementor-element-24f6a96 elementor-widget elementor-widget-heading\" data-id=\"24f6a96\" data-element_type=\"widget\" data-e-type=\"widget\" data-widget_type=\"heading.default\">\n\t\t\t\t<div class=\"elementor-widget-container\">\n\t\t\t\t\t<h4 class=\"elementor-heading-title elementor-size-default\">BEHIND THE SCENE<\/h4>\t\t\t\t<\/div>\n\t\t\t\t<\/div>\n\t\t\t\t\t<\/div>\n\t\t\t\t<\/div>\n\t\t<div class=\"elementor-element elementor-element-3a56f96 e-flex e-con-boxed e-con e-parent\" data-id=\"3a56f96\" data-element_type=\"container\" data-e-type=\"container\">\n\t\t\t\t\t<div class=\"e-con-inner\">\n\t\t\t\t<div class=\"elementor-element elementor-element-c0faba6 elementor-widget__width-initial elementor-arrows-position-inside elementor-widget elementor-widget-image-carousel\" data-id=\"c0faba6\" data-element_type=\"widget\" data-e-type=\"widget\" data-settings=\"{&quot;slides_to_show&quot;:&quot;1&quot;,&quot;navigation&quot;:&quot;arrows&quot;,&quot;autoplay&quot;:&quot;yes&quot;,&quot;pause_on_hover&quot;:&quot;yes&quot;,&quot;pause_on_interaction&quot;:&quot;yes&quot;,&quot;autoplay_speed&quot;:5000,&quot;infinite&quot;:&quot;yes&quot;,&quot;effect&quot;:&quot;slide&quot;,&quot;speed&quot;:500}\" data-widget_type=\"image-carousel.default\">\n\t\t\t\t<div class=\"elementor-widget-container\">\n\t\t\t\t\t\t\t<div class=\"elementor-image-carousel-wrapper swiper\" role=\"region\" aria-roledescription=\"carousel\" aria-label=\"Carosello d&#039;immagini\" dir=\"ltr\">\n\t\t\t<div class=\"elementor-image-carousel swiper-wrapper swiper-image-stretch\" aria-live=\"off\">\n\t\t\t\t\t\t\t\t<div class=\"swiper-slide\" role=\"group\" aria-roledescription=\"slide\" aria-label=\"1 di 29\"><figure class=\"swiper-slide-inner\"><img decoding=\"async\" class=\"swiper-slide-image\" src=\"https:\/\/www.fastfilmproduzioni.it\/app\/wp-content\/uploads\/2025\/02\/4341_Claps__DSF3661.jpg\" alt=\"&quot;Il caso Claps&quot; regia Marco Pontecorvo, Gianmarco Saurino, Rosa Diletta Rossi, Anna Ferruzzo, Giacomo Giorgio, Ludovica Ciaschetti, Vincenzo Ferrera, Giulio Della Monica, Francesco Acquaroli, Francesca Ventriglia, Marta Giovannozzi, Claudio Corinaldesi, Beniamino Marcone, Fulvio Pepe, Bianca Nappi, Giusy Frallonardo, Vincent Riotta, Nila Prisco, Katie McGovern, Francesca Antonelli, Carlo De Ruggeri\" \/><\/figure><\/div><div class=\"swiper-slide\" role=\"group\" aria-roledescription=\"slide\" aria-label=\"2 di 29\"><figure class=\"swiper-slide-inner\"><img decoding=\"async\" class=\"swiper-slide-image\" src=\"https:\/\/www.fastfilmproduzioni.it\/app\/wp-content\/uploads\/2025\/02\/4447_Claps__T4F5082.jpg\" alt=\"&quot;Il caso Claps&quot; regia Marco Pontecorvo, Gianmarco Saurino, Rosa Diletta Rossi, Anna Ferruzzo, Giacomo Giorgio, Ludovica Ciaschetti, Vincenzo Ferrera, Giulio Della Monica, Francesco Acquaroli, Francesca Ventriglia, Marta Giovannozzi, Claudio Corinaldesi, Beniamino Marcone, Fulvio Pepe, Bianca Nappi, Giusy Frallonardo, Vincent Riotta, Nila Prisco, Katie McGovern, Francesca Antonelli, Carlo De Ruggeri\" \/><\/figure><\/div><div class=\"swiper-slide\" role=\"group\" aria-roledescription=\"slide\" aria-label=\"3 di 29\"><figure class=\"swiper-slide-inner\"><img decoding=\"async\" class=\"swiper-slide-image\" src=\"https:\/\/www.fastfilmproduzioni.it\/app\/wp-content\/uploads\/2025\/02\/4787_Claps__T4F5557.jpg\" alt=\"4787_Claps__T4F5557\" \/><\/figure><\/div><div class=\"swiper-slide\" role=\"group\" aria-roledescription=\"slide\" aria-label=\"4 di 29\"><figure class=\"swiper-slide-inner\"><img decoding=\"async\" class=\"swiper-slide-image\" src=\"https:\/\/www.fastfilmproduzioni.it\/app\/wp-content\/uploads\/2025\/02\/4791_Claps__T4F5570.jpg\" alt=\"4791_Claps__T4F5570\" \/><\/figure><\/div><div class=\"swiper-slide\" role=\"group\" aria-roledescription=\"slide\" aria-label=\"5 di 29\"><figure class=\"swiper-slide-inner\"><img decoding=\"async\" class=\"swiper-slide-image\" src=\"https:\/\/www.fastfilmproduzioni.it\/app\/wp-content\/uploads\/2025\/02\/4797_Claps__T4F5604.jpg\" alt=\"4797_Claps__T4F5604\" \/><\/figure><\/div><div class=\"swiper-slide\" role=\"group\" aria-roledescription=\"slide\" aria-label=\"6 di 29\"><figure class=\"swiper-slide-inner\"><img decoding=\"async\" class=\"swiper-slide-image\" src=\"https:\/\/www.fastfilmproduzioni.it\/app\/wp-content\/uploads\/2025\/02\/5170_Claps__T4F5787.jpg\" alt=\"&quot;Il caso Claps&quot; regia Marco Pontecorvo, Gianmarco Saurino, Rosa Diletta Rossi, Anna Ferruzzo, Giacomo Giorgio, Ludovica Ciaschetti, Vincenzo Ferrera, Giulio Della Monica, Francesco Acquaroli, Francesca Ventriglia, Marta Giovannozzi, Claudio Corinaldesi, Beniamino Marcone, Fulvio Pepe, Bianca Nappi, Giusy Frallonardo, Vincent Riotta, Nila Prisco, Katie McGovern, Francesca Antonelli, Carlo De Ruggeri\" \/><\/figure><\/div><div class=\"swiper-slide\" role=\"group\" aria-roledescription=\"slide\" aria-label=\"7 di 29\"><figure class=\"swiper-slide-inner\"><img decoding=\"async\" class=\"swiper-slide-image\" src=\"https:\/\/www.fastfilmproduzioni.it\/app\/wp-content\/uploads\/2025\/02\/5455_Claps__T2F7960.jpg\" alt=\"&quot;Il caso Claps&quot; regia Marco Pontecorvo, Gianmarco Saurino, Rosa Diletta Rossi, Anna Ferruzzo, Giacomo Giorgio, Ludovica Ciaschetti, Vincenzo Ferrera, Giulio Della Monica, Francesco Acquaroli, Francesca Ventriglia, Marta Giovannozzi, Claudio Corinaldesi, Beniamino Marcone, Fulvio Pepe, Bianca Nappi, Giusy Frallonardo, Vincent Riotta, Nila Prisco, Katie McGovern, Francesca Antonelli, Carlo De Ruggeri\" \/><\/figure><\/div><div class=\"swiper-slide\" role=\"group\" aria-roledescription=\"slide\" aria-label=\"8 di 29\"><figure class=\"swiper-slide-inner\"><img decoding=\"async\" class=\"swiper-slide-image\" src=\"https:\/\/www.fastfilmproduzioni.it\/app\/wp-content\/uploads\/2025\/02\/1180_Claps__T2F7737.jpg\" alt=\"&quot;Il caso Claps&quot; regia Marco Pontecorvo\" \/><\/figure><\/div><div class=\"swiper-slide\" role=\"group\" aria-roledescription=\"slide\" aria-label=\"9 di 29\"><figure class=\"swiper-slide-inner\"><img decoding=\"async\" class=\"swiper-slide-image\" src=\"https:\/\/www.fastfilmproduzioni.it\/app\/wp-content\/uploads\/2025\/02\/4208_Claps__T2F5476.jpg\" alt=\"&quot;Il caso Claps&quot; regia Marco Pontecorvo, Gianmarco Saurino, Rosa Diletta Rossi, Anna Ferruzzo, Giacomo Giorgio, Ludovica Ciaschetti, Vincenzo Ferrera, Giulio Della Monica, Francesco Acquaroli, Francesca Ventriglia, Marta Giovannozzi, Claudio Corinaldesi, Beniamino Marcone, Fulvio Pepe, Bianca Nappi, Giusy Frallonardo, Vincent Riotta, Nila Prisco, Katie McGovern, Francesca Antonelli, Carlo De Ruggeri\" \/><\/figure><\/div><div class=\"swiper-slide\" role=\"group\" aria-roledescription=\"slide\" aria-label=\"10 di 29\"><figure class=\"swiper-slide-inner\"><img decoding=\"async\" class=\"swiper-slide-image\" src=\"https:\/\/www.fastfilmproduzioni.it\/app\/wp-content\/uploads\/2025\/02\/4674_Claps__T4F5460.jpg\" alt=\"&quot;Il caso Claps&quot; regia Marco Pontecorvo, Gianmarco Saurino, Rosa Diletta Rossi, Anna Ferruzzo, Giacomo Giorgio, Ludovica Ciaschetti, Vincenzo Ferrera, Giulio Della Monica, Francesco Acquaroli, Francesca Ventriglia, Marta Giovannozzi, Claudio Corinaldesi, Beniamino Marcone, Fulvio Pepe, Bianca Nappi, Giusy Frallonardo, Vincent Riotta, Nila Prisco, Katie McGovern, Francesca Antonelli, Carlo De Ruggeri\" \/><\/figure><\/div><div class=\"swiper-slide\" role=\"group\" aria-roledescription=\"slide\" aria-label=\"11 di 29\"><figure class=\"swiper-slide-inner\"><img decoding=\"async\" class=\"swiper-slide-image\" src=\"https:\/\/www.fastfilmproduzioni.it\/app\/wp-content\/uploads\/2025\/02\/2873_Claps__T0F2272-1536x1024.jpg\" alt=\"2873_Claps__T0F2272\" \/><\/figure><\/div><div class=\"swiper-slide\" role=\"group\" aria-roledescription=\"slide\" aria-label=\"12 di 29\"><figure class=\"swiper-slide-inner\"><img decoding=\"async\" class=\"swiper-slide-image\" src=\"https:\/\/www.fastfilmproduzioni.it\/app\/wp-content\/uploads\/2025\/02\/3503_Claps__T2F4099.jpg\" alt=\"&quot;Il caso Claps&quot; regia Marco Pontecorvo, Gianmarco Saurino, Rosa Diletta Rossi, Anna Ferruzzo, Giacomo Giorgio, Ludovica Ciaschetti, Vincenzo Ferrera, Giulio Della Monica, Francesco Acquaroli, Francesca Ventriglia, Marta Giovannozzi, Claudio Corinaldesi, Beniamino Marcone, Fulvio Pepe, Bianca Nappi, Giusy Frallonardo, Vincent Riotta, Nila Prisco, Katie McGovern, Francesca Antonelli, Carlo De Ruggeri\" \/><\/figure><\/div><div class=\"swiper-slide\" role=\"group\" aria-roledescription=\"slide\" aria-label=\"13 di 29\"><figure class=\"swiper-slide-inner\"><img decoding=\"async\" class=\"swiper-slide-image\" src=\"https:\/\/www.fastfilmproduzioni.it\/app\/wp-content\/uploads\/2025\/02\/3781_C1.jpg\" alt=\"&quot;Il caso Claps&quot; regia Marco Pontecorvo, Gianmarco Saurino, Rosa Diletta Rossi, Anna Ferruzzo, Giacomo Giorgio, Ludovica Ciaschetti, Vincenzo Ferrera, Giulio Della Monica, Francesco Acquaroli, Francesca Ventriglia, Marta Giovannozzi, Claudio Corinaldesi, Beniamino Marcone, Fulvio Pepe, Bianca Nappi, Giusy Frallonardo, Vincent Riotta, Nila Prisco, Katie McGovern, Francesca Antonelli, Carlo De Ruggeri\" \/><\/figure><\/div><div class=\"swiper-slide\" role=\"group\" aria-roledescription=\"slide\" aria-label=\"14 di 29\"><figure class=\"swiper-slide-inner\"><img decoding=\"async\" class=\"swiper-slide-image\" src=\"https:\/\/www.fastfilmproduzioni.it\/app\/wp-content\/uploads\/2025\/02\/1138_Claps__DSC1970.jpg\" alt=\"&quot;Il caso Claps&quot; regia Marco Pontecorvo\" \/><\/figure><\/div><div class=\"swiper-slide\" role=\"group\" aria-roledescription=\"slide\" aria-label=\"15 di 29\"><figure class=\"swiper-slide-inner\"><img decoding=\"async\" class=\"swiper-slide-image\" src=\"https:\/\/www.fastfilmproduzioni.it\/app\/wp-content\/uploads\/2025\/02\/1102_Claps__DSC1823.jpg\" alt=\"&quot;Il caso Claps&quot; regia Marco Pontecorvo\" \/><\/figure><\/div><div class=\"swiper-slide\" role=\"group\" aria-roledescription=\"slide\" aria-label=\"16 di 29\"><figure class=\"swiper-slide-inner\"><img decoding=\"async\" class=\"swiper-slide-image\" src=\"https:\/\/www.fastfilmproduzioni.it\/app\/wp-content\/uploads\/2025\/02\/1742_Claps__T0F1634.jpg\" alt=\"&quot;Il caso Claps&quot; regia Marco Pontecorvo\" \/><\/figure><\/div><div class=\"swiper-slide\" role=\"group\" aria-roledescription=\"slide\" aria-label=\"17 di 29\"><figure class=\"swiper-slide-inner\"><img decoding=\"async\" class=\"swiper-slide-image\" src=\"https:\/\/www.fastfilmproduzioni.it\/app\/wp-content\/uploads\/2025\/02\/2411_Claps__T4F2723.jpg\" alt=\"&quot;Il caso Claps&quot; regia Marco Pontecorvo\" \/><\/figure><\/div><div class=\"swiper-slide\" role=\"group\" aria-roledescription=\"slide\" aria-label=\"18 di 29\"><figure class=\"swiper-slide-inner\"><img decoding=\"async\" class=\"swiper-slide-image\" src=\"https:\/\/www.fastfilmproduzioni.it\/app\/wp-content\/uploads\/2025\/02\/2578_Claps__T4F3023.jpg\" alt=\"&quot;Il caso Claps&quot; regia Marco Pontecorvo\" \/><\/figure><\/div><div class=\"swiper-slide\" role=\"group\" aria-roledescription=\"slide\" aria-label=\"19 di 29\"><figure class=\"swiper-slide-inner\"><img decoding=\"async\" class=\"swiper-slide-image\" src=\"https:\/\/www.fastfilmproduzioni.it\/app\/wp-content\/uploads\/2025\/02\/2689_Claps__T2F2923.jpg\" alt=\"&quot;Il caso Claps&quot; regia Marco Pontecorvo\" \/><\/figure><\/div><div class=\"swiper-slide\" role=\"group\" aria-roledescription=\"slide\" aria-label=\"20 di 29\"><figure class=\"swiper-slide-inner\"><img decoding=\"async\" class=\"swiper-slide-image\" src=\"https:\/\/www.fastfilmproduzioni.it\/app\/wp-content\/uploads\/2025\/02\/2854_Claps__T2F3169.jpg\" alt=\"&quot;Il caso Claps&quot; regia Marco Pontecorvo\" \/><\/figure><\/div><div class=\"swiper-slide\" role=\"group\" aria-roledescription=\"slide\" aria-label=\"21 di 29\"><figure class=\"swiper-slide-inner\"><img decoding=\"async\" class=\"swiper-slide-image\" src=\"https:\/\/www.fastfilmproduzioni.it\/app\/wp-content\/uploads\/2025\/02\/3204_Claps__T4F3206.jpg\" alt=\"&quot;Il caso Claps&quot; regia Marco Pontecorvo\" \/><\/figure><\/div><div class=\"swiper-slide\" role=\"group\" aria-roledescription=\"slide\" aria-label=\"22 di 29\"><figure class=\"swiper-slide-inner\"><img decoding=\"async\" class=\"swiper-slide-image\" src=\"https:\/\/www.fastfilmproduzioni.it\/app\/wp-content\/uploads\/2025\/02\/3357_Claps__T4F3501.jpg\" alt=\"&quot;Il caso Claps&quot; regia Marco Pontecorvo, Gianmarco Saurino, Rosa Diletta Rossi, Anna Ferruzzo, Giacomo Giorgio, Ludovica Ciaschetti, Vincenzo Ferrera, Giulio Della Monica, Francesco Acquaroli, Francesca Ventriglia, Marta Giovannozzi, Claudio Corinaldesi, Beniamino Marcone, Fulvio Pepe, Bianca Nappi, Giusy Frallonardo, Vincent Riotta, Nila Prisco, Katie McGovern, Francesca Antonelli, Carlo De Ruggeri\" \/><\/figure><\/div><div class=\"swiper-slide\" role=\"group\" aria-roledescription=\"slide\" aria-label=\"23 di 29\"><figure class=\"swiper-slide-inner\"><img decoding=\"async\" class=\"swiper-slide-image\" src=\"https:\/\/www.fastfilmproduzioni.it\/app\/wp-content\/uploads\/2025\/02\/3667_Claps__T2F4355-Gianmarco-Saurino-Rosa-Diletta-Rossi.jpg\" alt=\"&quot;Il caso Claps&quot; regia Marco Pontecorvo, Gianmarco Saurino, Rosa Diletta Rossi, Anna Ferruzzo, Giacomo Giorgio, Ludovica Ciaschetti, Vincenzo Ferrera, Giulio Della Monica, Francesco Acquaroli, Francesca Ventriglia, Marta Giovannozzi, Claudio Corinaldesi, Beniamino Marcone, Fulvio Pepe, Bianca Nappi, Giusy Frallonardo, Vincent Riotta, Nila Prisco, Katie McGovern, Francesca Antonelli, Carlo De Ruggeri\" \/><\/figure><\/div><div class=\"swiper-slide\" role=\"group\" aria-roledescription=\"slide\" aria-label=\"24 di 29\"><figure class=\"swiper-slide-inner\"><img decoding=\"async\" class=\"swiper-slide-image\" src=\"https:\/\/www.fastfilmproduzioni.it\/app\/wp-content\/uploads\/2025\/02\/3869_C1.jpg\" alt=\"&quot;Il caso Claps&quot; regia Marco Pontecorvo\" \/><\/figure><\/div><div class=\"swiper-slide\" role=\"group\" aria-roledescription=\"slide\" aria-label=\"25 di 29\"><figure class=\"swiper-slide-inner\"><img decoding=\"async\" class=\"swiper-slide-image\" src=\"https:\/\/www.fastfilmproduzioni.it\/app\/wp-content\/uploads\/2025\/02\/5150_Claps__T2F7239.jpg\" alt=\"&quot;Il caso Claps&quot; regia Marco Pontecorvo, Gianmarco Saurino, Rosa Diletta Rossi, Anna Ferruzzo, Giacomo Giorgio, Ludovica Ciaschetti, Vincenzo Ferrera, Giulio Della Monica, Francesco Acquaroli, Francesca Ventriglia, Marta Giovannozzi, Claudio Corinaldesi, Beniamino Marcone, Fulvio Pepe, Bianca Nappi, Giusy Frallonardo, Vincent Riotta, Nila Prisco, Katie McGovern, Francesca Antonelli, Carlo De Ruggeri\" \/><\/figure><\/div><div class=\"swiper-slide\" role=\"group\" aria-roledescription=\"slide\" aria-label=\"26 di 29\"><figure class=\"swiper-slide-inner\"><img decoding=\"async\" class=\"swiper-slide-image\" src=\"https:\/\/www.fastfilmproduzioni.it\/app\/wp-content\/uploads\/2025\/02\/5158_Claps__T2F7266.jpg\" alt=\"&quot;Il caso Claps&quot; regia Marco Pontecorvo, Gianmarco Saurino, Rosa Diletta Rossi, Anna Ferruzzo, Giacomo Giorgio, Ludovica Ciaschetti, Vincenzo Ferrera, Giulio Della Monica, Francesco Acquaroli, Francesca Ventriglia, Marta Giovannozzi, Claudio Corinaldesi, Beniamino Marcone, Fulvio Pepe, Bianca Nappi, Giusy Frallonardo, Vincent Riotta, Nila Prisco, Katie McGovern, Francesca Antonelli, Carlo De Ruggeri\" \/><\/figure><\/div><div class=\"swiper-slide\" role=\"group\" aria-roledescription=\"slide\" aria-label=\"27 di 29\"><figure class=\"swiper-slide-inner\"><img decoding=\"async\" class=\"swiper-slide-image\" src=\"https:\/\/www.fastfilmproduzioni.it\/app\/wp-content\/uploads\/2025\/02\/5265_C1.jpg\" alt=\"&quot;Il caso Claps&quot; regia Marco Pontecorvo, Gianmarco Saurino, Rosa Diletta Rossi, Anna Ferruzzo, Giacomo Giorgio, Ludovica Ciaschetti, Vincenzo Ferrera, Giulio Della Monica, Francesco Acquaroli, Francesca Ventriglia, Marta Giovannozzi, Claudio Corinaldesi, Beniamino Marcone, Fulvio Pepe, Bianca Nappi, Giusy Frallonardo, Vincent Riotta, Nila Prisco, Katie McGovern, Francesca Antonelli, Carlo De Ruggeri\" \/><\/figure><\/div><div class=\"swiper-slide\" role=\"group\" aria-roledescription=\"slide\" aria-label=\"28 di 29\"><figure class=\"swiper-slide-inner\"><img decoding=\"async\" class=\"swiper-slide-image\" src=\"https:\/\/www.fastfilmproduzioni.it\/app\/wp-content\/uploads\/2025\/02\/5313_Claps__T2F7600-1.jpg\" alt=\"&quot;Il caso Claps&quot; regia Marco Pontecorvo, Gianmarco Saurino, Rosa Diletta Rossi, Anna Ferruzzo, Giacomo Giorgio, Ludovica Ciaschetti, Vincenzo Ferrera, Giulio Della Monica, Francesco Acquaroli, Francesca Ventriglia, Marta Giovannozzi, Claudio Corinaldesi, Beniamino Marcone, Fulvio Pepe, Bianca Nappi, Giusy Frallonardo, Vincent Riotta, Nila Prisco, Katie McGovern, Francesca Antonelli, Carlo De Ruggeri\" \/><\/figure><\/div><div class=\"swiper-slide\" role=\"group\" aria-roledescription=\"slide\" aria-label=\"29 di 29\"><figure class=\"swiper-slide-inner\"><img decoding=\"async\" class=\"swiper-slide-image\" src=\"https:\/\/www.fastfilmproduzioni.it\/app\/wp-content\/uploads\/2025\/02\/5474_Claps__T2F8054.jpg\" alt=\"&quot;Il caso Claps&quot; regia Marco Pontecorvo, Gianmarco Saurino, Rosa Diletta Rossi, Anna Ferruzzo, Giacomo Giorgio, Ludovica Ciaschetti, Vincenzo Ferrera, Giulio Della Monica, Francesco Acquaroli, Francesca Ventriglia, Marta Giovannozzi, Claudio Corinaldesi, Beniamino Marcone, Fulvio Pepe, Bianca Nappi, Giusy Frallonardo, Vincent Riotta, Nila Prisco, Katie McGovern, Francesca Antonelli, Carlo De Ruggeri\" \/><\/figure><\/div>\t\t\t<\/div>\n\t\t\t\t\t\t\t\t\t\t\t\t<div class=\"elementor-swiper-button elementor-swiper-button-prev\" role=\"button\" tabindex=\"0\">\n\t\t\t\t\t\t<svg aria-hidden=\"true\" class=\"e-font-icon-svg e-eicon-chevron-left\" viewBox=\"0 0 1000 1000\" xmlns=\"http:\/\/www.w3.org\/2000\/svg\"><path d=\"M646 125C629 125 613 133 604 142L308 442C296 454 292 471 292 487 292 504 296 521 308 533L604 854C617 867 629 875 646 875 663 875 679 871 692 858 704 846 713 829 713 812 713 796 708 779 692 767L438 487 692 225C700 217 708 204 708 187 708 171 704 154 692 142 675 129 663 125 646 125Z\"><\/path><\/svg>\t\t\t\t\t<\/div>\n\t\t\t\t\t<div class=\"elementor-swiper-button elementor-swiper-button-next\" role=\"button\" tabindex=\"0\">\n\t\t\t\t\t\t<svg aria-hidden=\"true\" class=\"e-font-icon-svg e-eicon-chevron-right\" viewBox=\"0 0 1000 1000\" xmlns=\"http:\/\/www.w3.org\/2000\/svg\"><path d=\"M696 533C708 521 713 504 713 487 713 471 708 454 696 446L400 146C388 133 375 125 354 125 338 125 325 129 313 142 300 154 292 171 292 187 292 204 296 221 308 233L563 492 304 771C292 783 288 800 288 817 288 833 296 850 308 863 321 871 338 875 354 875 371 875 388 867 400 854L696 533Z\"><\/path><\/svg>\t\t\t\t\t<\/div>\n\t\t\t\t\n\t\t\t\t\t\t\t\t\t<\/div>\n\t\t\t\t\t\t<\/div>\n\t\t\t\t<\/div>\n\t\t\t\t\t<\/div>\n\t\t\t\t<\/div>\n\t\t<div class=\"elementor-element elementor-element-be48a82 e-flex e-con-boxed e-con e-parent\" data-id=\"be48a82\" data-element_type=\"container\" data-e-type=\"container\">\n\t\t\t\t\t<div class=\"e-con-inner\">\n\t\t\t\t<div class=\"elementor-element elementor-element-71825f1 elementor-widget elementor-widget-text-editor\" data-id=\"71825f1\" data-element_type=\"widget\" data-e-type=\"widget\" data-widget_type=\"text-editor.default\">\n\t\t\t\t<div class=\"elementor-widget-container\">\n\t\t\t\t\t\t\t\t\t<p style=\"text-transform: none;\"><em>Per Elisa \u2013 Il Caso Claps<\/em>\u00a0ricostruisce uno dei pi\u00f9 sconvolgenti casi di cronaca nera recenti: gli omicidi di Elisa Claps ed Heather Barnett ad opera di Danilo Restivo. Le vicende si svolgono nell\u2019arco di quasi un ventennio tra Potenza e la costa inglese di Bournemouth ed hanno inizio il 12 settembre 1993.\u00a0<\/p>\n<p style=\"text-transform: none;\">\u00c8 una domenica mattina quando Elisa Claps saluta il fratello Gildo. Ha 16 anni e quella mattina esce di casa per andare a messa. \u00c8 d\u2019accordo con il fratello che rientrer\u00e0 per mezzogiorno. Elisa incontra Danilo Restivo, allora ventunenne, alla Chiesa della Santissima Trinit\u00e0. Da allora nessuno avr\u00e0 pi\u00f9 sue notizie. Le ricerche iniziano immediatamente. Ma il corpo di Elisa rester\u00e0 fermo, immobile, nascosto per quasi due decenni nel sottotetto di quella stessa chiesa dove era stata vista l\u2019ultima volta in vita.\u00a0<\/p>\n<p style=\"text-transform: none;\">Nove anni dopo, il 12 novembre 2002, a Bournemouth, sulla costa meridionale dell\u2019Inghilterra, Heather Barnett, una madre single di due adolescenti, viene trovata in casa a terra, coperta di sangue, orribilmente mutilata. I figli si gettano per strada alla ricerca di aiuto. Li accoglie premuroso Danny, il vicino di casa italiano. Lo chiamano Danny ma il suo nome \u00e8 Danilo, Danilo Restivo.<\/p>\n<p><!-- \/wp:heading --><\/p>\n<p><!-- wp:post-terms {\"term\":\"post_tag\",\"prefix\":\"Caso Claps, Drama series, Elisa Claps, Fiction, Mini Series, TV series\"} \/--><\/p>\t\t\t\t\t\t\t\t<\/div>\n\t\t\t\t<\/div>\n\t\t\t\t\t<\/div>\n\t\t\t\t<\/div>\n\t\t\t\t<\/div>\n\t\t","protected":false},"excerpt":{"rendered":"<p>https:\/\/www.fastfilmproduzioni.it\/trailer_video\/ICC_TRAILER_h264_Ottobre%2023_1.mp4 Basato sul libro Blood on the altar di Tobias Jones. Scritto da Terry Cafolla, Valerio D\u2019Annunzio e Andrea Valagussa. Con Gianmarco Saurino, Anna Ferruzzo, Vincent Riotta, Giacomo Giorgio, Vincenzo Ferrera, Giulio Della Monica, Bianca Nappi, Ludovica Ciaschetti, Marta Giovannozzi, Antonio Petrocelli, Carlo de Ruggieri, Beniamino Marcone, Fulvio Pepe e con la partecipazione di Rosa&#8230;<\/p>\n","protected":false},"author":1,"featured_media":0,"parent":12063,"menu_order":0,"comment_status":"closed","ping_status":"closed","template":"","meta":{"_tbt_post_transparent":"","_tbt_post_title":"","_tbt_post_layout":"","_tbt_post_sidebar_id":"","_tbt_post_content_style":"","_tbt_post_vertical_padding":"","_tbt_post_feature":"show","_tbt_post_feature_position":"","_tbt_post_header":false,"_tbt_post_footer":false},"class_list":["post-12061","page","type-page","status-publish","hentry"],"_links":{"self":[{"href":"https:\/\/www.fastfilmproduzioni.it\/app\/wp-json\/wp\/v2\/pages\/12061","targetHints":{"allow":["GET"]}}],"collection":[{"href":"https:\/\/www.fastfilmproduzioni.it\/app\/wp-json\/wp\/v2\/pages"}],"about":[{"href":"https:\/\/www.fastfilmproduzioni.it\/app\/wp-json\/wp\/v2\/types\/page"}],"author":[{"embeddable":true,"href":"https:\/\/www.fastfilmproduzioni.it\/app\/wp-json\/wp\/v2\/users\/1"}],"replies":[{"embeddable":true,"href":"https:\/\/www.fastfilmproduzioni.it\/app\/wp-json\/wp\/v2\/comments?post=12061"}],"version-history":[{"count":91,"href":"https:\/\/www.fastfilmproduzioni.it\/app\/wp-json\/wp\/v2\/pages\/12061\/revisions"}],"predecessor-version":[{"id":13547,"href":"https:\/\/www.fastfilmproduzioni.it\/app\/wp-json\/wp\/v2\/pages\/12061\/revisions\/13547"}],"up":[{"embeddable":true,"href":"https:\/\/www.fastfilmproduzioni.it\/app\/wp-json\/wp\/v2\/pages\/12063"}],"wp:attachment":[{"href":"https:\/\/www.fastfilmproduzioni.it\/app\/wp-json\/wp\/v2\/media?parent=12061"}],"curies":[{"name":"wp","href":"https:\/\/api.w.org\/{rel}","templated":true}]}}