{"id":2242,"date":"2021-10-25T11:40:43","date_gmt":"2021-10-25T11:40:43","guid":{"rendered":"https:\/\/wp.themedemo.org\/WCM07\/WCM070151\/?page_id=2242"},"modified":"2025-11-03T10:52:42","modified_gmt":"2025-11-03T10:52:42","slug":"chi-siamo","status":"publish","type":"page","link":"https:\/\/www.fastfilmproduzioni.it\/app\/chi-siamo\/","title":{"rendered":"Chi Siamo"},"content":{"rendered":"\t\t<div data-elementor-type=\"wp-page\" data-elementor-id=\"2242\" class=\"elementor elementor-2242\" data-elementor-post-type=\"page\">\n\t\t\t\t<div class=\"elementor-element elementor-element-470d9fb e-flex e-con-boxed e-con e-parent\" data-id=\"470d9fb\" data-element_type=\"container\" data-e-type=\"container\">\n\t\t\t\t\t<div class=\"e-con-inner\">\n\t\t\t\t<div class=\"elementor-element elementor-element-ca28f33 elementor-widget elementor-widget-heading\" data-id=\"ca28f33\" data-element_type=\"widget\" data-e-type=\"widget\" data-widget_type=\"heading.default\">\n\t\t\t\t<div class=\"elementor-widget-container\">\n\t\t\t\t\t<h2 class=\"elementor-heading-title elementor-size-default\">CHI SIAMO<\/h2>\t\t\t\t<\/div>\n\t\t\t\t<\/div>\n\t\t\t\t<div class=\"elementor-element elementor-element-f48416a elementor-widget elementor-widget-heading\" data-id=\"f48416a\" data-element_type=\"widget\" data-e-type=\"widget\" data-widget_type=\"heading.default\">\n\t\t\t\t<div class=\"elementor-widget-container\">\n\t\t\t\t\t<h2 class=\"elementor-heading-title elementor-size-default\">IL NOSTRO OBIETTIVO \u00c8 QUELLO DI REALIZZARE PROGETTI DI QUALIT\u00c0, TANTO CHE SI TRATTI DI PRODOTTI DESTINATI AL PUBBLICO NAZIONALE DEI CANALI  TELEVISIVI TRADIZIONALI, QUANTO DI PRODUZIONI  PER LE PIATTAFORME. <\/h2>\t\t\t\t<\/div>\n\t\t\t\t<\/div>\n\t\t\t\t<div class=\"elementor-element elementor-element-eaba454 elementor-arrows-position-inside elementor-widget elementor-widget-image-carousel\" data-id=\"eaba454\" data-element_type=\"widget\" data-e-type=\"widget\" data-settings=\"{&quot;slides_to_show&quot;:&quot;1&quot;,&quot;slides_to_show_tablet&quot;:&quot;1&quot;,&quot;navigation&quot;:&quot;arrows&quot;,&quot;autoplay&quot;:&quot;yes&quot;,&quot;pause_on_hover&quot;:&quot;yes&quot;,&quot;pause_on_interaction&quot;:&quot;yes&quot;,&quot;autoplay_speed&quot;:5000,&quot;infinite&quot;:&quot;yes&quot;,&quot;effect&quot;:&quot;slide&quot;,&quot;speed&quot;:500}\" data-widget_type=\"image-carousel.default\">\n\t\t\t\t<div class=\"elementor-widget-container\">\n\t\t\t\t\t\t\t<div class=\"elementor-image-carousel-wrapper swiper\" role=\"region\" aria-roledescription=\"carousel\" aria-label=\"Carosello d&#039;immagini\" dir=\"ltr\">\n\t\t\t<div class=\"elementor-image-carousel swiper-wrapper swiper-image-stretch\" aria-live=\"off\">\n\t\t\t\t\t\t\t\t<div class=\"swiper-slide\" role=\"group\" aria-roledescription=\"slide\" aria-label=\"1 di 37\"><figure class=\"swiper-slide-inner\"><img decoding=\"async\" class=\"swiper-slide-image\" src=\"https:\/\/www.fastfilmproduzioni.it\/app\/wp-content\/uploads\/2025\/11\/Scicchitano_Adriani_Copia-di-BALENE-10-243-scaled.jpg\" alt=\"Scicchitano_Adriani_Copia di BALENE 10 243\" \/><\/figure><\/div><div class=\"swiper-slide\" role=\"group\" aria-roledescription=\"slide\" aria-label=\"2 di 37\"><figure class=\"swiper-slide-inner\"><img decoding=\"async\" class=\"swiper-slide-image\" src=\"https:\/\/www.fastfilmproduzioni.it\/app\/wp-content\/uploads\/2025\/11\/Signoris_Pivetti_BALENE-10232-scaled.jpg\" alt=\"Signoris_Pivetti_BALENE 10232\" \/><\/figure><\/div><div class=\"swiper-slide\" role=\"group\" aria-roledescription=\"slide\" aria-label=\"3 di 37\"><figure class=\"swiper-slide-inner\"><img decoding=\"async\" class=\"swiper-slide-image\" src=\"https:\/\/www.fastfilmproduzioni.it\/app\/wp-content\/uploads\/2025\/02\/1343_Claps__T2F8103-scaled.jpg\" alt=\"1343_Claps__T2F8103\" \/><\/figure><\/div><div class=\"swiper-slide\" role=\"group\" aria-roledescription=\"slide\" aria-label=\"4 di 37\"><figure class=\"swiper-slide-inner\"><img decoding=\"async\" class=\"swiper-slide-image\" src=\"https:\/\/www.fastfilmproduzioni.it\/app\/wp-content\/uploads\/2025\/02\/1595_Claps__DSF2837-scaled.jpg\" alt=\"1595_Claps__DSF2837\" \/><\/figure><\/div><div class=\"swiper-slide\" role=\"group\" aria-roledescription=\"slide\" aria-label=\"5 di 37\"><figure class=\"swiper-slide-inner\"><img decoding=\"async\" class=\"swiper-slide-image\" src=\"https:\/\/www.fastfilmproduzioni.it\/app\/wp-content\/uploads\/2025\/11\/Mandracchia_Copia-di-BALENE-8-085-scaled.jpg\" alt=\"Mandracchia_Copia di BALENE 8 085\" \/><\/figure><\/div><div class=\"swiper-slide\" role=\"group\" aria-roledescription=\"slide\" aria-label=\"6 di 37\"><figure class=\"swiper-slide-inner\"><img decoding=\"async\" class=\"swiper-slide-image\" src=\"https:\/\/www.fastfilmproduzioni.it\/app\/wp-content\/uploads\/2025\/02\/1820_Claps__T0F1819-scaled.jpg\" alt=\"1820_Claps__T0F1819\" \/><\/figure><\/div><div class=\"swiper-slide\" role=\"group\" aria-roledescription=\"slide\" aria-label=\"7 di 37\"><figure class=\"swiper-slide-inner\"><img decoding=\"async\" class=\"swiper-slide-image\" src=\"https:\/\/www.fastfilmproduzioni.it\/app\/wp-content\/uploads\/2025\/02\/2145_Claps__T2F2235-scaled.jpg\" alt=\"2145_Claps__T2F2235\" \/><\/figure><\/div><div class=\"swiper-slide\" role=\"group\" aria-roledescription=\"slide\" aria-label=\"8 di 37\"><figure class=\"swiper-slide-inner\"><img decoding=\"async\" class=\"swiper-slide-image\" src=\"https:\/\/www.fastfilmproduzioni.it\/app\/wp-content\/uploads\/2025\/02\/2874_Claps__T2F3196-scaled.jpg\" alt=\"2874_Claps__T2F3196\" \/><\/figure><\/div><div class=\"swiper-slide\" role=\"group\" aria-roledescription=\"slide\" aria-label=\"9 di 37\"><figure class=\"swiper-slide-inner\"><img decoding=\"async\" class=\"swiper-slide-image\" src=\"https:\/\/www.fastfilmproduzioni.it\/app\/wp-content\/uploads\/2025\/11\/Scicchitano_Copia-di-BALENE-10-239-scaled.jpg\" alt=\"Scicchitano_Copia di BALENE 10 239\" \/><\/figure><\/div><div class=\"swiper-slide\" role=\"group\" aria-roledescription=\"slide\" aria-label=\"10 di 37\"><figure class=\"swiper-slide-inner\"><img decoding=\"async\" class=\"swiper-slide-image\" src=\"https:\/\/www.fastfilmproduzioni.it\/app\/wp-content\/uploads\/2025\/02\/3161_Claps__T4F3164-scaled.jpg\" alt=\"3161_Claps__T4F3164\" \/><\/figure><\/div><div class=\"swiper-slide\" role=\"group\" aria-roledescription=\"slide\" aria-label=\"11 di 37\"><figure class=\"swiper-slide-inner\"><img decoding=\"async\" class=\"swiper-slide-image\" src=\"https:\/\/www.fastfilmproduzioni.it\/app\/wp-content\/uploads\/2025\/02\/3213_Claps__T4F3224-scaled.jpg\" alt=\"3213_Claps__T4F3224\" \/><\/figure><\/div><div class=\"swiper-slide\" role=\"group\" aria-roledescription=\"slide\" aria-label=\"12 di 37\"><figure class=\"swiper-slide-inner\"><img decoding=\"async\" class=\"swiper-slide-image\" src=\"https:\/\/www.fastfilmproduzioni.it\/app\/wp-content\/uploads\/2025\/02\/3233_Claps__T2F3659-scaled.jpg\" alt=\"3233_Claps__T2F3659\" \/><\/figure><\/div><div class=\"swiper-slide\" role=\"group\" aria-roledescription=\"slide\" aria-label=\"13 di 37\"><figure class=\"swiper-slide-inner\"><img decoding=\"async\" class=\"swiper-slide-image\" src=\"https:\/\/www.fastfilmproduzioni.it\/app\/wp-content\/uploads\/2025\/02\/3279_Claps__T2F3725.jpg\" alt=\"&quot;Il caso Claps&quot; regia Marco Pontecorvo, Gianmarco Saurino, Rosa Diletta Rossi, Anna Ferruzzo, Giacomo Giorgio, Ludovica Ciaschetti, Vincenzo Ferrera, Giulio Della Monica, Francesco Acquaroli, Francesca Ventriglia, Marta Giovannozzi, Claudio Corinaldesi, Beniamino Marcone, Fulvio Pepe, Bianca Nappi, Giusy Frallonardo, Vincent Riotta, Nila Prisco, Katie McGovern, Francesca Antonelli, Carlo De Ruggeri\" \/><\/figure><\/div><div class=\"swiper-slide\" role=\"group\" aria-roledescription=\"slide\" aria-label=\"14 di 37\"><figure class=\"swiper-slide-inner\"><img decoding=\"async\" class=\"swiper-slide-image\" src=\"https:\/\/www.fastfilmproduzioni.it\/app\/wp-content\/uploads\/2025\/11\/Scicchitano-Adriani_872A9609-scaled.jpg\" alt=\"Scicchitano-Adriani_872A9609\" \/><\/figure><\/div><div class=\"swiper-slide\" role=\"group\" aria-roledescription=\"slide\" aria-label=\"15 di 37\"><figure class=\"swiper-slide-inner\"><img decoding=\"async\" class=\"swiper-slide-image\" src=\"https:\/\/www.fastfilmproduzioni.it\/app\/wp-content\/uploads\/2025\/02\/3406_Claps__T4F3620.jpg\" alt=\"&quot;Il caso Claps&quot; regia Marco Pontecorvo\" \/><\/figure><\/div><div class=\"swiper-slide\" role=\"group\" aria-roledescription=\"slide\" aria-label=\"16 di 37\"><figure class=\"swiper-slide-inner\"><img decoding=\"async\" class=\"swiper-slide-image\" src=\"https:\/\/www.fastfilmproduzioni.it\/app\/wp-content\/uploads\/2025\/02\/3595_Claps__T2F4155.jpg\" alt=\"&quot;Il caso Claps&quot; regia Marco Pontecorvo\" \/><\/figure><\/div><div class=\"swiper-slide\" role=\"group\" aria-roledescription=\"slide\" aria-label=\"17 di 37\"><figure class=\"swiper-slide-inner\"><img decoding=\"async\" class=\"swiper-slide-image\" src=\"https:\/\/www.fastfilmproduzioni.it\/app\/wp-content\/uploads\/2025\/11\/DSC_1727-scaled.jpg\" alt=\"DSC_1727\" \/><\/figure><\/div><div class=\"swiper-slide\" role=\"group\" aria-roledescription=\"slide\" aria-label=\"18 di 37\"><figure class=\"swiper-slide-inner\"><img decoding=\"async\" class=\"swiper-slide-image\" src=\"https:\/\/www.fastfilmproduzioni.it\/app\/wp-content\/uploads\/2025\/02\/3638_Claps__T4F3859.jpg\" alt=\"&quot;Il caso Claps&quot; regia Marco Pontecorvo, Gianmarco Saurino, Rosa Diletta Rossi, Anna Ferruzzo, Giacomo Giorgio, Ludovica Ciaschetti, Vincenzo Ferrera, Giulio Della Monica, Francesco Acquaroli, Francesca Ventriglia, Marta Giovannozzi, Claudio Corinaldesi, Beniamino Marcone, Fulvio Pepe, Bianca Nappi, Giusy Frallonardo, Vincent Riotta, Nila Prisco, Katie McGovern, Francesca Antonelli, Carlo De Ruggeri\" \/><\/figure><\/div><div class=\"swiper-slide\" role=\"group\" aria-roledescription=\"slide\" aria-label=\"19 di 37\"><figure class=\"swiper-slide-inner\"><img decoding=\"async\" class=\"swiper-slide-image\" src=\"https:\/\/www.fastfilmproduzioni.it\/app\/wp-content\/uploads\/2025\/11\/Adriani_872A7516-scaled.jpg\" alt=\"Adriani_872A7516\" \/><\/figure><\/div><div class=\"swiper-slide\" role=\"group\" aria-roledescription=\"slide\" aria-label=\"20 di 37\"><figure class=\"swiper-slide-inner\"><img decoding=\"async\" class=\"swiper-slide-image\" src=\"https:\/\/www.fastfilmproduzioni.it\/app\/wp-content\/uploads\/2025\/02\/3729_Claps__T2F4531-scaled.jpg\" alt=\"&quot;Il caso Claps&quot; regia Marco Pontecorvo\" \/><\/figure><\/div><div class=\"swiper-slide\" role=\"group\" aria-roledescription=\"slide\" aria-label=\"21 di 37\"><figure class=\"swiper-slide-inner\"><img decoding=\"async\" class=\"swiper-slide-image\" src=\"https:\/\/www.fastfilmproduzioni.it\/app\/wp-content\/uploads\/2025\/02\/3748_Claps__T0F2690.jpg\" alt=\"&quot;Il caso Claps&quot; regia Marco Pontecorvo\" \/><\/figure><\/div><div class=\"swiper-slide\" role=\"group\" aria-roledescription=\"slide\" aria-label=\"22 di 37\"><figure class=\"swiper-slide-inner\"><img decoding=\"async\" class=\"swiper-slide-image\" src=\"https:\/\/www.fastfilmproduzioni.it\/app\/wp-content\/uploads\/2025\/02\/3823_Claps__T2F4675.jpg\" alt=\"&quot;Il caso Claps&quot; regia Marco Pontecorvo\" \/><\/figure><\/div><div class=\"swiper-slide\" role=\"group\" aria-roledescription=\"slide\" aria-label=\"23 di 37\"><figure class=\"swiper-slide-inner\"><img decoding=\"async\" class=\"swiper-slide-image\" src=\"https:\/\/www.fastfilmproduzioni.it\/app\/wp-content\/uploads\/2025\/11\/Pivetti_872A7927-scaled.jpg\" alt=\"Pivetti_872A7927\" \/><\/figure><\/div><div class=\"swiper-slide\" role=\"group\" aria-roledescription=\"slide\" aria-label=\"24 di 37\"><figure class=\"swiper-slide-inner\"><img decoding=\"async\" class=\"swiper-slide-image\" src=\"https:\/\/www.fastfilmproduzioni.it\/app\/wp-content\/uploads\/2025\/02\/4152_Claps__T2F5370-scaled.jpg\" alt=\"&quot;Il caso Claps&quot; regia Marco Pontecorvo\" \/><\/figure><\/div><div class=\"swiper-slide\" role=\"group\" aria-roledescription=\"slide\" aria-label=\"25 di 37\"><figure class=\"swiper-slide-inner\"><img decoding=\"async\" class=\"swiper-slide-image\" src=\"https:\/\/www.fastfilmproduzioni.it\/app\/wp-content\/uploads\/2025\/11\/Sassanelli-Scarlatti_DSC_1571-scaled.jpg\" alt=\"Sassanelli-Scarlatti_DSC_1571\" \/><\/figure><\/div><div class=\"swiper-slide\" role=\"group\" aria-roledescription=\"slide\" aria-label=\"26 di 37\"><figure class=\"swiper-slide-inner\"><img decoding=\"async\" class=\"swiper-slide-image\" src=\"https:\/\/www.fastfilmproduzioni.it\/app\/wp-content\/uploads\/2025\/02\/4713_Claps__T2F6240.jpg\" alt=\"&quot;Il caso Claps&quot; regia Marco Pontecorvo, Gianmarco Saurino, Rosa Diletta Rossi, Anna Ferruzzo, Giacomo Giorgio, Ludovica Ciaschetti, Vincenzo Ferrera, Giulio Della Monica, Francesco Acquaroli, Francesca Ventriglia, Marta Giovannozzi, Claudio Corinaldesi, Beniamino Marcone, Fulvio Pepe, Bianca Nappi, Giusy Frallonardo, Vincent Riotta, Nila Prisco, Katie McGovern, Francesca Antonelli, Carlo De Ruggeri\" \/><\/figure><\/div><div class=\"swiper-slide\" role=\"group\" aria-roledescription=\"slide\" aria-label=\"27 di 37\"><figure class=\"swiper-slide-inner\"><img decoding=\"async\" class=\"swiper-slide-image\" src=\"https:\/\/www.fastfilmproduzioni.it\/app\/wp-content\/uploads\/2025\/11\/DSC_1713-scaled.jpg\" alt=\"DSC_1713\" \/><\/figure><\/div><div class=\"swiper-slide\" role=\"group\" aria-roledescription=\"slide\" aria-label=\"28 di 37\"><figure class=\"swiper-slide-inner\"><img decoding=\"async\" class=\"swiper-slide-image\" src=\"https:\/\/www.fastfilmproduzioni.it\/app\/wp-content\/uploads\/2025\/02\/5304_Claps__T4F5911.jpg\" alt=\"&quot;Il caso Claps&quot; regia Marco Pontecorvo, Gianmarco Saurino, Rosa Diletta Rossi, Anna Ferruzzo, Giacomo Giorgio, Ludovica Ciaschetti, Vincenzo Ferrera, Giulio Della Monica, Francesco Acquaroli, Francesca Ventriglia, Marta Giovannozzi, Claudio Corinaldesi, Beniamino Marcone, Fulvio Pepe, Bianca Nappi, Giusy Frallonardo, Vincent Riotta, Nila Prisco, Katie McGovern, Francesca Antonelli, Carlo De Ruggeri\" \/><\/figure><\/div><div class=\"swiper-slide\" role=\"group\" aria-roledescription=\"slide\" aria-label=\"29 di 37\"><figure class=\"swiper-slide-inner\"><img decoding=\"async\" class=\"swiper-slide-image\" src=\"https:\/\/www.fastfilmproduzioni.it\/app\/wp-content\/uploads\/2025\/11\/Pivetti-Casale_LCS_6824-scaled.jpg\" alt=\"Pivetti-Casale_LCS_6824\" \/><\/figure><\/div><div class=\"swiper-slide\" role=\"group\" aria-roledescription=\"slide\" aria-label=\"30 di 37\"><figure class=\"swiper-slide-inner\"><img decoding=\"async\" class=\"swiper-slide-image\" src=\"https:\/\/www.fastfilmproduzioni.it\/app\/wp-content\/uploads\/2025\/02\/5331_Claps__T4F5929.jpg\" alt=\"&quot;Il caso Claps&quot; regia Marco Pontecorvo, Gianmarco Saurino, Rosa Diletta Rossi, Anna Ferruzzo, Giacomo Giorgio, Ludovica Ciaschetti, Vincenzo Ferrera, Giulio Della Monica, Francesco Acquaroli, Francesca Ventriglia, Marta Giovannozzi, Claudio Corinaldesi, Beniamino Marcone, Fulvio Pepe, Bianca Nappi, Giusy Frallonardo, Vincent Riotta, Nila Prisco, Katie McGovern, Francesca Antonelli, Carlo De Ruggeri\" \/><\/figure><\/div><div class=\"swiper-slide\" role=\"group\" aria-roledescription=\"slide\" aria-label=\"31 di 37\"><figure class=\"swiper-slide-inner\"><img decoding=\"async\" class=\"swiper-slide-image\" src=\"https:\/\/www.fastfilmproduzioni.it\/app\/wp-content\/uploads\/2025\/11\/Sassanelli_D5N_3392-scaled.jpg\" alt=\"Sassanelli_D5N_3392\" \/><\/figure><\/div><div class=\"swiper-slide\" role=\"group\" aria-roledescription=\"slide\" aria-label=\"32 di 37\"><figure class=\"swiper-slide-inner\"><img decoding=\"async\" class=\"swiper-slide-image\" src=\"https:\/\/www.fastfilmproduzioni.it\/app\/wp-content\/uploads\/2025\/02\/5375_Claps__T4F6030.jpg\" alt=\"&quot;Il caso Claps&quot; regia Marco Pontecorvo, Gianmarco Saurino, Rosa Diletta Rossi, Anna Ferruzzo, Giacomo Giorgio, Ludovica Ciaschetti, Vincenzo Ferrera, Giulio Della Monica, Francesco Acquaroli, Francesca Ventriglia, Marta Giovannozzi, Claudio Corinaldesi, Beniamino Marcone, Fulvio Pepe, Bianca Nappi, Giusy Frallonardo, Vincent Riotta, Nila Prisco, Katie McGovern, Francesca Antonelli, Carlo De Ruggeri\" \/><\/figure><\/div><div class=\"swiper-slide\" role=\"group\" aria-roledescription=\"slide\" aria-label=\"33 di 37\"><figure class=\"swiper-slide-inner\"><img decoding=\"async\" class=\"swiper-slide-image\" src=\"https:\/\/www.fastfilmproduzioni.it\/app\/wp-content\/uploads\/2025\/11\/Casale-Tirabassi-Occhionero_872A0250-scaled.jpg\" alt=\"Casale-Tirabassi-Occhionero_872A0250\" \/><\/figure><\/div><div class=\"swiper-slide\" role=\"group\" aria-roledescription=\"slide\" aria-label=\"34 di 37\"><figure class=\"swiper-slide-inner\"><img decoding=\"async\" class=\"swiper-slide-image\" src=\"https:\/\/www.fastfilmproduzioni.it\/app\/wp-content\/uploads\/2025\/02\/5695_Claps__T4F6644.jpg\" alt=\"5695_Claps__T4F6644\" \/><\/figure><\/div><div class=\"swiper-slide\" role=\"group\" aria-roledescription=\"slide\" aria-label=\"35 di 37\"><figure class=\"swiper-slide-inner\"><img decoding=\"async\" class=\"swiper-slide-image\" src=\"https:\/\/www.fastfilmproduzioni.it\/app\/wp-content\/uploads\/2025\/02\/5737_Claps__DSF4326.jpg\" alt=\"&quot;Il caso Claps&quot; regia Marco Pontecorvo, Gianmarco Saurino, Rosa Diletta Rossi, Anna Ferruzzo, Giacomo Giorgio, Ludovica Ciaschetti, Vincenzo Ferrera, Giulio Della Monica, Francesco Acquaroli, Francesca Ventriglia, Marta Giovannozzi, Claudio Corinaldesi, Beniamino Marcone, Fulvio Pepe, Bianca Nappi, Giusy Frallonardo, Vincent Riotta, Nila Prisco, Katie McGovern, Francesca Antonelli, Carlo De Ruggeri\" \/><\/figure><\/div><div class=\"swiper-slide\" role=\"group\" aria-roledescription=\"slide\" aria-label=\"36 di 37\"><figure class=\"swiper-slide-inner\"><img decoding=\"async\" class=\"swiper-slide-image\" src=\"https:\/\/www.fastfilmproduzioni.it\/app\/wp-content\/uploads\/2025\/11\/Pivetti-Signoris-Casale_LCS_7308-scaled.jpg\" alt=\"Pivetti-Signoris-Casale_LCS_7308\" \/><\/figure><\/div><div class=\"swiper-slide\" role=\"group\" aria-roledescription=\"slide\" aria-label=\"37 di 37\"><figure class=\"swiper-slide-inner\"><img decoding=\"async\" class=\"swiper-slide-image\" src=\"https:\/\/www.fastfilmproduzioni.it\/app\/wp-content\/uploads\/2025\/11\/Tirabassi_872A8301-scaled.jpg\" alt=\"Tirabassi_872A8301\" \/><\/figure><\/div>\t\t\t<\/div>\n\t\t\t\t\t\t\t\t\t\t\t\t<div class=\"elementor-swiper-button elementor-swiper-button-prev\" role=\"button\" tabindex=\"0\">\n\t\t\t\t\t\t<svg aria-hidden=\"true\" class=\"e-font-icon-svg e-eicon-chevron-left\" viewBox=\"0 0 1000 1000\" xmlns=\"http:\/\/www.w3.org\/2000\/svg\"><path d=\"M646 125C629 125 613 133 604 142L308 442C296 454 292 471 292 487 292 504 296 521 308 533L604 854C617 867 629 875 646 875 663 875 679 871 692 858 704 846 713 829 713 812 713 796 708 779 692 767L438 487 692 225C700 217 708 204 708 187 708 171 704 154 692 142 675 129 663 125 646 125Z\"><\/path><\/svg>\t\t\t\t\t<\/div>\n\t\t\t\t\t<div class=\"elementor-swiper-button elementor-swiper-button-next\" role=\"button\" tabindex=\"0\">\n\t\t\t\t\t\t<svg aria-hidden=\"true\" class=\"e-font-icon-svg e-eicon-chevron-right\" viewBox=\"0 0 1000 1000\" xmlns=\"http:\/\/www.w3.org\/2000\/svg\"><path d=\"M696 533C708 521 713 504 713 487 713 471 708 454 696 446L400 146C388 133 375 125 354 125 338 125 325 129 313 142 300 154 292 171 292 187 292 204 296 221 308 233L563 492 304 771C292 783 288 800 288 817 288 833 296 850 308 863 321 871 338 875 354 875 371 875 388 867 400 854L696 533Z\"><\/path><\/svg>\t\t\t\t\t<\/div>\n\t\t\t\t\n\t\t\t\t\t\t\t\t\t<\/div>\n\t\t\t\t\t\t<\/div>\n\t\t\t\t<\/div>\n\t\t<div class=\"elementor-element elementor-element-6333a92 e-con-full e-flex e-con e-child\" data-id=\"6333a92\" data-element_type=\"container\" data-e-type=\"container\">\n\t\t\t\t<div class=\"elementor-element elementor-element-727cf6d elementor-widget elementor-widget-heading\" data-id=\"727cf6d\" data-element_type=\"widget\" data-e-type=\"widget\" data-widget_type=\"heading.default\">\n\t\t\t\t<div class=\"elementor-widget-container\">\n\t\t\t\t\t<h2 class=\"elementor-heading-title elementor-size-default\">COMPANY PROFILE<\/h2>\t\t\t\t<\/div>\n\t\t\t\t<\/div>\n\t\t\t\t<div class=\"elementor-element elementor-element-29c6e4e elementor-widget elementor-widget-heading\" data-id=\"29c6e4e\" data-element_type=\"widget\" data-e-type=\"widget\" data-widget_type=\"heading.default\">\n\t\t\t\t<div class=\"elementor-widget-container\">\n\t\t\t\t\t<h2 class=\"elementor-heading-title elementor-size-default\">Fastfilm Srl \u00e8 una societ\u00e0 di produzione cine-televisiva indipendente fondata nel 2002. L\u2019attivit\u00e0 della societ\u00e0 si \u00e8 concentrata inizialmente sullo sviluppo di progetti di breve e media serialit\u00e0, realizzati poi in associazione con altre societ\u00e0 di produzione. \u2028A partire dal 2022 Fastfilm ha deciso di realizzare direttamente la produzione dei progetti sviluppati. <\/h2>\t\t\t\t<\/div>\n\t\t\t\t<\/div>\n\t\t\t\t<div class=\"elementor-element elementor-element-5f24ab5 elementor-widget elementor-widget-heading\" data-id=\"5f24ab5\" data-element_type=\"widget\" data-e-type=\"widget\" data-widget_type=\"heading.default\">\n\t\t\t\t<div class=\"elementor-widget-container\">\n\t\t\t\t\t<h2 class=\"elementor-heading-title elementor-size-default\">La prima serie prodotta direttamente da Fastfilm \u00e8 <i>Per<\/i> <i>Elisa<\/i> - <i>Il<\/i> <i>Caso<\/i> <i>Claps<\/i> (6x50\u2019), andata in onda su RaiUno nell\u2019autunno 2023. La serie ripercorre la vicenda della scomparsa della giovane Elisa Claps, avvenuta nel 1993 a Potenza. Si tratta di una co-produzione con la societ\u00e0 inglese Cosmopolitan Pictures Limited, in collaborazione con RAI Fiction e ITV Studios (che cura anche la distribuzione internazionale).\u2028<\/h2>\t\t\t\t<\/div>\n\t\t\t\t<\/div>\n\t\t\t\t<div class=\"elementor-element elementor-element-72b4859 elementor-widget elementor-widget-heading\" data-id=\"72b4859\" data-element_type=\"widget\" data-e-type=\"widget\" data-widget_type=\"heading.default\">\n\t\t\t\t<div class=\"elementor-widget-container\">\n\t\t\t\t\t<h2 class=\"elementor-heading-title elementor-size-default\">Tra l\u2019autunno 2024 e l\u2019inverno 2025 Fastfilm ha realizzata la serie <i>Balene<\/i> (8x50') con Veronica Pivetti e Carla Signoris, in co-produzione con Rai Fiction e destinata alla messa in onda su RaiUno nella stagione 2025\/26. <br><br>Fondatore e amministratore unico di Fastfilm \u00e8 Maurizio Tini. Massimo Rocchi si \u00e8 unito alla societ\u00e0 nel 2023.<br>Fastfilm \u00e8 associata ad APA (Associazione Produttori Audiovisivi), di cui Maurizio Tini \u00e8 stato a lungo Vice Presidente.<\/h2>\t\t\t\t<\/div>\n\t\t\t\t<\/div>\n\t\t\t\t<\/div>\n\t\t\t\t\t<\/div>\n\t\t\t\t<\/div>\n\t\t\t\t<div class=\"elementor-section elementor-top-section elementor-element elementor-element-7304c2d elementor-section-stretched elementor-section-full_width elementor-section-height-default elementor-section-height-default\" data-id=\"7304c2d\" data-element_type=\"section\" data-e-type=\"section\" data-settings=\"{&quot;stretch_section&quot;:&quot;section-stretched&quot;}\">\n\t\t\t\t\t\t<div class=\"elementor-container elementor-column-gap-default\">\n\t\t\t\t\t<div class=\"elementor-column elementor-col-100 elementor-top-column elementor-element elementor-element-d6368d0\" data-id=\"d6368d0\" data-element_type=\"column\" data-e-type=\"column\">\n\t\t\t<div class=\"elementor-widget-wrap elementor-element-populated\">\n\t\t\t\t\t\t<div class=\"elementor-element elementor-element-f151908 elementor-widget-mobile__width-initial elementor-widget elementor-widget-heading\" data-id=\"f151908\" data-element_type=\"widget\" data-e-type=\"widget\" data-widget_type=\"heading.default\">\n\t\t\t\t<div class=\"elementor-widget-container\">\n\t\t\t\t\t<span class=\"elementor-heading-title elementor-size-default\">PRODUCERS<\/span>\t\t\t\t<\/div>\n\t\t\t\t<\/div>\n\t\t\t\t<div class=\"elementor-section elementor-inner-section elementor-element elementor-element-58529a0 team-cms elementor-section-boxed elementor-section-height-default elementor-section-height-default\" data-id=\"58529a0\" data-element_type=\"section\" data-e-type=\"section\">\n\t\t\t\t\t\t<div class=\"elementor-container elementor-column-gap-default\">\n\t\t\t\t\t<div class=\"elementor-column elementor-col-50 elementor-inner-column elementor-element elementor-element-a1c7f5c\" data-id=\"a1c7f5c\" data-element_type=\"column\" data-e-type=\"column\">\n\t\t\t<div class=\"elementor-widget-wrap elementor-element-populated\">\n\t\t\t\t\t\t<div class=\"elementor-element elementor-element-42079b0 elementor-widget__width-auto elementor-position-top elementor-invisible elementor-widget elementor-widget-image-box\" data-id=\"42079b0\" data-element_type=\"widget\" data-e-type=\"widget\" data-settings=\"{&quot;_animation&quot;:&quot;slideInLeft&quot;}\" data-widget_type=\"image-box.default\">\n\t\t\t\t<div class=\"elementor-widget-container\">\n\t\t\t\t\t<div class=\"elementor-image-box-wrapper\"><figure class=\"elementor-image-box-img\"><a href=\"https:\/\/www.fastfilmproduzioni.it\/app\/maurizio-tini\/\" tabindex=\"-1\"><img decoding=\"async\" src=\"https:\/\/www.fastfilmproduzioni.it\/app\/wp-content\/uploads\/elementor\/thumbs\/maurizio_tini_fastfilm-r1r5ihkiyy8b37ufur2qwdf1ehvxn2ltfvokbnw1pc.jpg\" title=\"maurizio_tini_fastfilm\" alt=\"maurizio_tini_fastfilm\" loading=\"lazy\" \/><\/a><\/figure><div class=\"elementor-image-box-content\"><h6 class=\"elementor-image-box-title\"><a href=\"https:\/\/www.fastfilmproduzioni.it\/app\/maurizio-tini\/\">MAURIZIO TINI<\/a><\/h6><p class=\"elementor-image-box-description\">CEO<\/p><\/div><\/div>\t\t\t\t<\/div>\n\t\t\t\t<\/div>\n\t\t\t\t\t<\/div>\n\t\t<\/div>\n\t\t\t\t<div class=\"elementor-column elementor-col-50 elementor-inner-column elementor-element elementor-element-a926f4a\" data-id=\"a926f4a\" data-element_type=\"column\" data-e-type=\"column\">\n\t\t\t<div class=\"elementor-widget-wrap elementor-element-populated\">\n\t\t\t\t\t\t<div class=\"elementor-element elementor-element-ffaf91b elementor-widget__width-auto elementor-position-top elementor-invisible elementor-widget elementor-widget-image-box\" data-id=\"ffaf91b\" data-element_type=\"widget\" data-e-type=\"widget\" data-settings=\"{&quot;_animation&quot;:&quot;slideInLeft&quot;}\" data-widget_type=\"image-box.default\">\n\t\t\t\t<div class=\"elementor-widget-container\">\n\t\t\t\t\t<div class=\"elementor-image-box-wrapper\"><figure class=\"elementor-image-box-img\"><a href=\"https:\/\/www.fastfilmproduzioni.it\/app\/massimo-rocchi\/\" tabindex=\"-1\"><img decoding=\"async\" src=\"https:\/\/www.fastfilmproduzioni.it\/app\/wp-content\/uploads\/elementor\/thumbs\/massimo_rocchi_foto-1-r1r5m63rql9qk8hxcud55xz15tqose7yy3o0zofjc0.png\" title=\"massimo_rocchi_foto\" alt=\"massimo_rocchi_foto\" loading=\"lazy\" \/><\/a><\/figure><div class=\"elementor-image-box-content\"><h6 class=\"elementor-image-box-title\"><a href=\"https:\/\/www.fastfilmproduzioni.it\/app\/massimo-rocchi\/\">MASSIMO ROCCHI<\/a><\/h6><p class=\"elementor-image-box-description\">PARTNER<\/p><\/div><\/div>\t\t\t\t<\/div>\n\t\t\t\t<\/div>\n\t\t\t\t\t<\/div>\n\t\t<\/div>\n\t\t\t\t\t<\/div>\n\t\t<\/div>\n\t\t\t\t\t<\/div>\n\t\t<\/div>\n\t\t\t\t\t<\/div>\n\t\t<\/div>\n\t\t\t\t<\/div>\n\t\t","protected":false},"excerpt":{"rendered":"<p>CHI SIAMO IL NOSTRO OBIETTIVO \u00c8 QUELLO DI REALIZZARE PROGETTI DI QUALIT\u00c0, TANTO CHE SI TRATTI DI PRODOTTI DESTINATI AL PUBBLICO NAZIONALE DEI CANALI TELEVISIVI TRADIZIONALI, QUANTO DI PRODUZIONI PER LE PIATTAFORME. COMPANY PROFILE Fastfilm Srl \u00e8 una societ\u00e0 di produzione cine-televisiva indipendente fondata nel 2002. L\u2019attivit\u00e0 della societ\u00e0 si \u00e8 concentrata inizialmente sullo sviluppo&#8230;<\/p>\n","protected":false},"author":1,"featured_media":0,"parent":0,"menu_order":0,"comment_status":"closed","ping_status":"closed","template":"","meta":{"_tbt_post_transparent":"","_tbt_post_title":"","_tbt_post_layout":"","_tbt_post_sidebar_id":"","_tbt_post_content_style":"","_tbt_post_vertical_padding":"","_tbt_post_feature":"","_tbt_post_feature_position":"","_tbt_post_header":false,"_tbt_post_footer":false},"class_list":["post-2242","page","type-page","status-publish","hentry"],"_links":{"self":[{"href":"https:\/\/www.fastfilmproduzioni.it\/app\/wp-json\/wp\/v2\/pages\/2242","targetHints":{"allow":["GET"]}}],"collection":[{"href":"https:\/\/www.fastfilmproduzioni.it\/app\/wp-json\/wp\/v2\/pages"}],"about":[{"href":"https:\/\/www.fastfilmproduzioni.it\/app\/wp-json\/wp\/v2\/types\/page"}],"author":[{"embeddable":true,"href":"https:\/\/www.fastfilmproduzioni.it\/app\/wp-json\/wp\/v2\/users\/1"}],"replies":[{"embeddable":true,"href":"https:\/\/www.fastfilmproduzioni.it\/app\/wp-json\/wp\/v2\/comments?post=2242"}],"version-history":[{"count":202,"href":"https:\/\/www.fastfilmproduzioni.it\/app\/wp-json\/wp\/v2\/pages\/2242\/revisions"}],"predecessor-version":[{"id":13864,"href":"https:\/\/www.fastfilmproduzioni.it\/app\/wp-json\/wp\/v2\/pages\/2242\/revisions\/13864"}],"wp:attachment":[{"href":"https:\/\/www.fastfilmproduzioni.it\/app\/wp-json\/wp\/v2\/media?parent=2242"}],"curies":[{"name":"wp","href":"https:\/\/api.w.org\/{rel}","templated":true}]}}